{"version":"1.0","provider_name":"Atlantica Radio","provider_url":"https:\/\/www.atlantica-radio.fr","title":"10\u00e8me \u00e9dition de Cabanes en F\u00eate \u00e0 Andernos - Atlantica Radio","type":"rich","width":600,"height":338,"html":"<blockquote class=\"wp-embedded-content\"><a href=\"https:\/\/www.atlantica-radio.fr\/10eme-edition-de-cabanes-en-fete-a-andernos\/\">10\u00e8me \u00e9dition de Cabanes en F\u00eate \u00e0 Andernos<\/a><\/blockquote>\n<script type='text\/javascript'>\n<!--\/\/--><![CDATA[\/\/><!--\n\t\t\/*! This file is auto-generated *\/\n\t\t!function(d,l){\"use strict\";var e=!1,n=!1;if(l.querySelector)if(d.addEventListener)e=!0;if(d.wp=d.wp||{},!d.wp.receiveEmbedMessage)if(d.wp.receiveEmbedMessage=function(e){var t=e.data;if(t)if(t.secret||t.message||t.value)if(!\/[^a-zA-Z0-9]\/.test(t.secret)){for(var r,i,a,s=l.querySelectorAll('iframe[data-secret=\"'+t.secret+'\"]'),n=l.querySelectorAll('blockquote[data-secret=\"'+t.secret+'\"]'),o=new RegExp(\"^https?:$\",\"i\"),c=0;c<n.length;c++)n[c].style.display=\"none\";for(c=0;c<s.length;c++)if(r=s[c],e.source===r.contentWindow){if(r.removeAttribute(\"style\"),\"height\"===t.message){if(1e3<(a=parseInt(t.value,10)))a=1e3;else if(~~a<200)a=200;r.height=a}if(\"link\"===t.message)if(i=l.createElement(\"a\"),a=l.createElement(\"a\"),i.href=r.getAttribute(\"src\"),a.href=t.value,o.test(a.protocol))if(a.host===i.host)if(l.activeElement===r)d.top.location.href=t.value}}},e)d.addEventListener(\"message\",d.wp.receiveEmbedMessage,!1),l.addEventListener(\"DOMContentLoaded\",t,!1),d.addEventListener(\"load\",t,!1);function t(){if(!n){n=!0;for(var e,t,r=-1!==navigator.appVersion.indexOf(\"MSIE 10\"),i=!!navigator.userAgent.match(\/Trident.*rv:11\\.\/),a=l.querySelectorAll(\"iframe.wp-embedded-content\"),s=0;s<a.length;s++){if(!(e=a[s]).getAttribute(\"data-secret\"))t=Math.random().toString(36).substr(2,10),e.src+=\"#?secret=\"+t,e.setAttribute(\"data-secret\",t);if(r||i)(t=e.cloneNode(!0)).removeAttribute(\"security\"),e.parentNode.replaceChild(t,e)}}}}(window,document);\n\/\/--><!]]>\n<\/script><iframe sandbox=\"allow-scripts\" security=\"restricted\" src=\"https:\/\/www.atlantica-radio.fr\/10eme-edition-de-cabanes-en-fete-a-andernos\/embed\/\" width=\"600\" height=\"338\" title=\"\u00ab\u00a010\u00e8me \u00e9dition de Cabanes en F\u00eate \u00e0 Andernos\u00a0\u00bb &#8212; Atlantica Radio\" frameborder=\"0\" marginwidth=\"0\" marginheight=\"0\" scrolling=\"no\" class=\"wp-embedded-content\"><\/iframe>","thumbnail_url":"https:\/\/www.atlantica-radio.fr\/wp-content\/uploads\/2018\/10\/04FFB324-9799-4F80-8367-36576345435F.jpeg","thumbnail_width":1205,"thumbnail_height":1796,"description":"Samedi 1er d\u00e9cembre 2018, tout le long de la journ\u00e9e, huitres, tapas de la mer et vin blanc de l\u2019Entre deux Mers seront d\u00e9gust\u00e9s avec gourmandise dans les 45 cabanes dans une ambiance festive avec bandas et chants marins."}